{"id":14388,"date":"2023-11-16T13:12:22","date_gmt":"2023-11-16T12:12:22","guid":{"rendered":"https:\/?page_id=14388"},"modified":"2026-07-04T04:08:44","modified_gmt":"2026-07-04T02:08:44","slug":"conditions-generales-de-vente","status":"publish","type":"page","link":"https:\/\/ajfelectro.com\/index.php\/conditions-generales-de-vente\/","title":{"rendered":"Conditions g\u00e9n\u00e9rales de vente"},"content":{"rendered":"\n<h2 class=\"wp-block-heading\">Conditions g\u00e9n\u00e9rales de vente<\/h2>\n\n\n\n<p class=\"has-black-color has-text-color has-link-color wp-elements-68f535c8f6191eb9d8779413cc47e609 wp-block-paragraph\">Conditions g\u00e9n\u00e9rales de vente<br>Article 1 : Nos offres<\/p>\n\n\n\n<p class=\"has-black-color has-text-color has-link-color wp-elements-34475c34e897870edc569ec4f609c17e wp-block-paragraph\">1.1 G\u00e9n\u00e9ralit\u00e9s<\/p>\n\n\n\n<p class=\"has-black-color has-text-color has-link-color wp-elements-2bb3ad03bc3255e03dd44328b883c93c wp-block-paragraph\">Les pr\u00e9sentes conditions g\u00e9n\u00e9rales de vente s\u2019appliquent \u00e0 toutes commandes pass\u00e9es sur ou avec le site internet https:\/\/ajfelectro.com<\/p>\n\n\n\n<p class=\"has-black-color has-text-color has-link-color wp-elements-3a5166795f1f65d4dfb5ce9cdbe5971a wp-block-paragraph\">Les pr\u00e9sentes conditions s\u2019appliquent \u00e0 l\u2019exclusion de toutes autres conditions.<\/p>\n\n\n\n<p class=\"has-black-color has-text-color has-link-color wp-elements-df69324ffd0f7efdc504f9594b47db09 wp-block-paragraph\">Toute commande pass\u00e9e aupr\u00e8s du site AJF ELECTRO suppose la prise de connaissance des pr\u00e9sentes conditions ainsi que l\u2019acceptation enti\u00e8re, sans r\u00e9serve et sans condition des Conditions G\u00e9n\u00e9rales de Vente (CGV) en vigueur au jour de ladite commande par le Client.<\/p>\n\n\n\n<p class=\"has-black-color has-text-color has-link-color wp-elements-2144c08ae747d1be315daabb55efd10e wp-block-paragraph\">Le Client est entendu pour la totalit\u00e9 des pr\u00e9sentes comme celui avec lequel s\u2019\u00e9tablit la relation d\u2019achat-vente et lequel sera factur\u00e9 au titre de la commande.<\/p>\n\n\n\n<p class=\"has-black-color has-text-color has-link-color wp-elements-584d91d8f9629c2468830c6b854ee52b wp-block-paragraph\">1.2 Le p\u00e9rim\u00e8tre de la commercialisation<\/p>\n\n\n\n<p class=\"has-black-color has-text-color has-link-color wp-elements-30bed83a0746c01523cf8d5bb65449ae wp-block-paragraph\">Les produits que nous proposons sont conformes \u00e0 la l\u00e9gislation et aux normes applicables en France. Si vous \u00eates domicili\u00e9s hors du territoire fran\u00e7ais, vous prendrez en consid\u00e9ration le fait que vous demeurez l\u2019importateur (ou l\u2019acqu\u00e9reur intra-communautaire) du ou des produits concern\u00e9s.<br>Les droits de douanes, taxes locales, droits d\u2019importation, ou taxes d\u2019Etat susceptibles d\u2019\u00eatre exig\u00e9s sont sous votre responsabilit\u00e9.<br>En outre, vous devez v\u00e9rifier aupr\u00e8s des autorit\u00e9s locales les possibilit\u00e9s d\u2019importation ou d\u2019utilisation des produits ou services que vous envisagez d\u2019acheminer.<br>Particuli\u00e8rement, si vous vous faites livrer ailleurs que sur le territoire fran\u00e7ais, vous \u00eates tenus de proc\u00e9der, aupr\u00e8s des autorit\u00e9s de votre territoire, au paiement de toute taxe, redevance ou r\u00e9mun\u00e9ration dues au titre de la copie priv\u00e9e ou plus largement des droits de propri\u00e9t\u00e9 intellectuelle.<br>Si vous ne respectez pas la l\u00e9gislation du pays o\u00f9 vous aurez introduit les produits, nous ne pourrons en \u00eatre tenus pour responsable.<\/p>\n\n\n\n<p class=\"has-black-color has-text-color has-link-color wp-elements-1bfca5b659a20de563f21937772672ee wp-block-paragraph\">1.3 L\u2019identification des produits : les informations fournies<\/p>\n\n\n\n<p class=\"has-black-color has-text-color has-link-color wp-elements-f7116751cf95233d55939fc1d2b54a47 wp-block-paragraph\">Les photographies, textes, graphismes, fiches techniques sont pour la plupart issus des documentations \u00e9labor\u00e9es par les fabricants ou constructeurs, reproduites sous leur contr\u00f4le et avec leur accord.<\/p>\n\n\n\n<p class=\"has-black-color has-text-color has-link-color wp-elements-a7e768bf37b53f1a51870c1b28f4e5c4 wp-block-paragraph\">1.4 Les prix<\/p>\n\n\n\n<p class=\"has-black-color has-text-color has-link-color wp-elements-002bdb9a4bdd0e2027a56efbb6700a72 wp-block-paragraph\">Tous les prix des produits propos\u00e9s \u00e0 la vente sur le site AJF ELECTRO sont exprim\u00e9s en euros, toutes taxes comprises, hors participation aux frais de traitement et d\u2019exp\u00e9dition (si applicables)<br>AJF ELECTRO se r\u00e9serve la facult\u00e9 de modifier les tarifs de vente \u00e0 tout moment, mais s\u2019engage \u00e0 applique le tarif en vigueur lors de la validation de la commande sous r\u00e9serve de disponibilit\u00e9 des produits.<\/p>\n\n\n\n<p class=\"has-black-color has-text-color has-link-color wp-elements-bd118ee630d14dec7c8cd0e3e8e9c396 wp-block-paragraph\">Article 2 : La commande<\/p>\n\n\n\n<p class=\"has-black-color has-text-color has-link-color wp-elements-e7a6aefbcaf5e8423686d6683d15b8d9 wp-block-paragraph\">2.1 Disponibilit\u00e9<\/p>\n\n\n\n<p class=\"has-black-color has-text-color has-link-color wp-elements-9c9640f49596b25ca8b8c37c814d613b wp-block-paragraph\">2.1 Les offres de produits et de prix sont valables tant qu\u2019elles sont visibles sur le site AJF ELECTRO, et dans la limite des stocks disponibles.<\/p>\n\n\n\n<p class=\"has-black-color has-text-color has-link-color wp-elements-e93c648936057c640f0ad955b9b1f446 wp-block-paragraph\">2.2 En cas d\u2019indisponibilit\u00e9 du produit apr\u00e8s passation de la commande, le Client en sera inform\u00e9 avec l\u2019information du d\u00e9lai sous lequel le produit sera disponible. Si le Client ne d\u00e9sire pas attendre cette mise \u00e0 disposition ou en cas d\u2019indisponibilit\u00e9 d\u00e9finitive du produit, le Client est rembours\u00e9 de la totalit\u00e9 des sommes vers\u00e9es (si son compte bancaire a \u00e9t\u00e9 d\u00e9bit\u00e9) dans les 14 jours suivant l\u2019annulation de la commande et conform\u00e9ment \u00e0 l\u2019article L. 138- 3 du code de la consommation.<\/p>\n\n\n\n<p class=\"has-black-color has-text-color has-link-color wp-elements-2132716e6333c3bd0cf2d98b62e156a0 wp-block-paragraph\">2.2 Informations lors de la commande : renseignements \u00e0 fournir<\/p>\n\n\n\n<p class=\"has-black-color has-text-color has-link-color wp-elements-33b7008278c3715a8b90cb069b178368 wp-block-paragraph\">Vous devez v\u00e9rifier l\u2019exhaustivit\u00e9 et la conformit\u00e9 des renseignements que vous nous fournissez lors de la commande, notamment l\u2019adresse de livraison.<br>Nous ne pourrions \u00eatre tenus pour responsable d\u2019\u00e9ventuelles erreurs de saisie et des cons\u00e9quences qui en d\u00e9coulent.<br>Dans ce contexte, les frais engag\u00e9s pour la r\u00e9exp\u00e9dition de la commande seraient \u00e0 votre charge.<\/p>\n\n\n\n<p class=\"has-black-color has-text-color has-link-color wp-elements-cc0a06c1e27e003692055d818580683a wp-block-paragraph\">Article 3 : Le paiement<\/p>\n\n\n\n<p class=\"has-black-color has-text-color has-link-color wp-elements-a488fe4ca3bee648ed39b5a321dee8f2 wp-block-paragraph\">3.1 Les modes de paiement<\/p>\n\n\n\n<p class=\"has-black-color has-text-color has-link-color wp-elements-8383d443b758b8613081f08e9fcc2d37 wp-block-paragraph\">Pour r\u00e9gler votre commande, vous disposez de l\u2019ensemble des modes de paiement propos\u00e9 lors de la validation finale du bon de commande :<\/p>\n\n\n\n<p class=\"has-black-color has-text-color has-link-color wp-elements-e0f5c57ed892d8050f758c0128542d33 wp-block-paragraph\">Carte bancaire<\/p>\n\n\n\n<p class=\"has-black-color has-text-color has-link-color wp-elements-d56cc3ecaeda64bba86f90f84ed3ae83 wp-block-paragraph\">Virement bancaire<\/p>\n\n\n\n<p class=\"has-black-color has-text-color has-link-color wp-elements-cbdcdf8079a029047f0830ed93934fff wp-block-paragraph\">3.2 Le paiement total : le principe<\/p>\n\n\n\n<p class=\"has-black-color has-text-color has-link-color wp-elements-710f8aac1ce12798af3800264a5cb431 wp-block-paragraph\">Vous r\u00e9glez l\u2019int\u00e9gralit\u00e9 du prix du produit au moment de la commande.<\/p>\n\n\n\n<p class=\"has-black-color has-text-color has-link-color wp-elements-002af489f18c555ff6bc2f66bc19b6f3 wp-block-paragraph\">Nous aurons le droit de refuser d\u2019effectuer la livraison ou d\u2019honorer une commande dans le cas o\u00f9 vous ne l\u2019auriez pas r\u00e9gl\u00e9e totalement.<\/p>\n\n\n\n<p class=\"has-black-color has-text-color has-link-color wp-elements-1564b5fe9507ce2b93ff03af70a3ff63 wp-block-paragraph\">3.3 S\u00e9curisation des paiements<\/p>\n\n\n\n<p class=\"has-black-color has-text-color has-link-color wp-elements-4e8c9771675aa37739f511f7b0cfedd7 wp-block-paragraph\">Les informations relatives \u00e0 la carte de cr\u00e9dit du Client b\u00e9n\u00e9ficient du proc\u00e9d\u00e9 de cryptage SSL. Ces informations sont directement adress\u00e9es \u00e0 la Banque du site AJF ELECTRO, elles ne transitent donc pas et ne sont donc pas stock\u00e9es sur les serveurs du site AJF ELECTRO.<\/p>\n\n\n\n<p class=\"has-black-color has-text-color has-link-color wp-elements-2f6c91f7a86f639a29759d99ec2fd3df wp-block-paragraph\">Article 4 : La livraison<\/p>\n\n\n\n<p class=\"has-black-color has-text-color has-link-color wp-elements-0b4e93f0be84e1c85bd38bd57e166c94 wp-block-paragraph\">4.1. Le transport : mode et co\u00fbts<\/p>\n\n\n\n<p class=\"has-black-color has-text-color has-link-color wp-elements-d189a206b25afad860be06762def0aee wp-block-paragraph\">Les produits vous seront livr\u00e9s \u00e0 l\u2019adresse que vous aurez indiqu\u00e9e sur le bon de commande.<br>Nous nous r\u00e9servons le droit de facturer une participation aux frais de port. La participation demand\u00e9e est d\u00e9taill\u00e9e et indiqu\u00e9e avant la validation de la commande.<\/p>\n\n\n\n<p class=\"has-black-color has-text-color has-link-color wp-elements-e56e0ca2d57408e843275ad4e2e84278 wp-block-paragraph\">4.2. D\u00e9lais de livraison<\/p>\n\n\n\n<p class=\"has-black-color has-text-color has-link-color wp-elements-f3df7b0aa3678279c27aad8e0be35c5b wp-block-paragraph\">Une date de livraison estim\u00e9e est indiqu\u00e9e avant la passation de votre commande. Cette date de livraison ne tient pas compte des contr\u00f4les anti-fraude et\/ou des demandes de justificatifs qui peuvent parfois vous \u00eatre demand\u00e9s.<\/p>\n\n\n\n<p class=\"has-black-color has-text-color has-link-color wp-elements-c6639596f035ae1e4a980d4f23de251d wp-block-paragraph\">Le d\u00e9lai de livraison, donn\u00e9 \u00e0 titre indicatif, est de 2 \u00e0 3 jours ouvr\u00e9s. Cela uniquement pour toute commande pass\u00e9e du lundi au vendredi hors jours f\u00e9ri\u00e9s, pour une livraison en France m\u00e9tropolitaine.<br>Ces d\u00e9lais sont donn\u00e9s \u00e0 titre indicatif et peuvent \u00eatre rallong\u00e9s en cas de situation exceptionnelle ou retard de la soci\u00e9t\u00e9 de transport.<\/p>\n\n\n\n<p class=\"has-black-color has-text-color has-link-color wp-elements-07b1af301010fac110a6ec4703aec776 wp-block-paragraph\">Selon le type, le poids et le volume des produits command\u00e9s, le site AJF ELECTRO se garde le droit d\u2019utiliser d\u2019autres soci\u00e9t\u00e9s ou types de transport.<\/p>\n\n\n\n<p class=\"has-black-color has-text-color has-link-color wp-elements-d590c1cf92834a129df34965bdba1542 wp-block-paragraph\">4.3 Perte ou retard de la livraison<\/p>\n\n\n\n<p class=\"has-black-color has-text-color has-link-color wp-elements-858cdb42dee1ab4c8fb70cef84e1a43d wp-block-paragraph\">En cas de perte du colis ou de retard dans la livraison d\u00fb \u00e0 la soci\u00e9t\u00e9 de transport, des recherches seront lanc\u00e9es par le site AJF ELECTRO dans les plus brefs d\u00e9lais,<br>En cas de perte ou de colis endommag\u00e9, un nouveau produit sera envoy\u00e9 au Client sous disponibilit\u00e9 ou sera rembours\u00e9 en cas de non disponibilit\u00e9.<br>Le site AJF ELECTRO s\u2019engage \u00e0 renvoyer un nouveau produit ou \u00e0 proc\u00e9der au remboursement de la commande au choix du Client.<\/p>\n\n\n\n<p class=\"has-black-color has-text-color has-link-color wp-elements-d8c6c3be3d5ee8c9ad6ccc626e24aade wp-block-paragraph\">Article 5 : R\u00e9ception de la commande<\/p>\n\n\n\n<p class=\"has-black-color has-text-color has-link-color wp-elements-32ef72f034f48cbd2165e5b324e25067 wp-block-paragraph\">5.1. La v\u00e9rification initiale : quelles pr\u00e9cautions d\u2019usage ?<\/p>\n\n\n\n<p class=\"has-black-color has-text-color has-link-color wp-elements-72df3da6249cc1123a98c8acc3eded9f wp-block-paragraph\">En mati\u00e8re de livraison, vous devez toujours bien vous assurer que le produit n\u2019est pas endommag\u00e9 (de mani\u00e8re apparente ou apr\u00e8s d\u00e9ballage). Le transporteur a l\u2019obligation de vous accorder le temps n\u00e9cessaire au d\u00e9ballage du produit pour sa v\u00e9rification.<br>Si le produit s\u2019av\u00e8re endommag\u00e9, vous avez alors deux possibilit\u00e9s : soit vous acceptez quand m\u00eame le produit, alors pour tout retour ult\u00e9rieur les frais demeureront \u00e0 votre charge. Soit vous refusez le produit et le transporteur a la charge de le retourner au vendeur.<br>En toute hypoth\u00e8se, la r\u00e9glementation en mati\u00e8re de transport invite \u00e0 d\u00e9noncer tout incident de r\u00e9ception dans un d\u00e9lai de 3 jours francs par lettre recommand\u00e9e avec accus\u00e9 de r\u00e9ception. Si vous choisissez de conserver le produit, il est indispensable que vous conserviez les \u00e9l\u00e9ments dans l\u2019\u00e9tat dans lequel ils vous ont \u00e9t\u00e9 livr\u00e9s (accessoires, notices, emballage(s) et suremballage(s) compris).<\/p>\n\n\n\n<p class=\"has-black-color has-text-color has-link-color wp-elements-f638f13306ff2c705786c4bd158172bc wp-block-paragraph\">5.2. Produit livr\u00e9 non conforme \u00e0 la commande : que faire ?<\/p>\n\n\n\n<p class=\"has-black-color has-text-color has-link-color wp-elements-8357dd10b5c10b2b4ee8dcf5c411f98e wp-block-paragraph\">En cas de produit non conforme, vous pourrez formuler vos r\u00e9clamations aupr\u00e8s de notre service clients. Il vous sera demand\u00e9 de d\u00e9crire pr\u00e9cis\u00e9ment les motifs justifiant la non-conformit\u00e9.<br>Si le produit est d\u00e9clar\u00e9 non conforme aux caract\u00e9ristiques attendues, vous nous le retournerez \u00e0 nos frais. En revanche, si le produit est d\u00e9clar\u00e9 conforme aux caract\u00e9ristiques, mais ne vous satisfait pas, vous pourrez nous le retourner dans le cadre de la r\u00e9tractation l\u00e9gale (voir 6.1).<\/p>\n\n\n\n<p class=\"has-black-color has-text-color has-link-color wp-elements-7384f7b7533e91fe8f272e8890dab891 wp-block-paragraph\">Article 6 : Le droit de r\u00e9tractation<\/p>\n\n\n\n<p class=\"has-black-color has-text-color has-link-color wp-elements-9e6a6f3420fd5df1208c266b03553c9b wp-block-paragraph\">6.1 Le droit de r\u00e9tractation<\/p>\n\n\n\n<p class=\"has-black-color has-text-color has-link-color wp-elements-b89a01c795d987840580099cfc0a3bc7 wp-block-paragraph\">Conform\u00e9ment aux articles L.121-21 et suivants du code de la consommation, le Client dispose d\u2019un d\u00e9lai de 30 jours calendaires \u00e0 compter de la r\u00e9ception de son article pour exercer son droit de r\u00e9tractation sans avoir \u00e0 motiver sa d\u00e9cision ni \u00e0 supporter d\u2019autres co\u00fbts \u00e0 l\u2019exception des frais de retour qui restent \u00e0 sa charge.<\/p>\n\n\n\n<p class=\"has-black-color has-text-color has-link-color wp-elements-dbebc27ce8f246bcd232716bdf9d0954 wp-block-paragraph\">Dans le cas d\u2019une commande portant sur plusieurs articles livr\u00e9s s\u00e9par\u00e9ment le d\u00e9lai court \u00e0 compter de la r\u00e9ception du dernier article.<\/p>\n\n\n\n<p class=\"has-black-color has-text-color has-link-color wp-elements-dc466fc6d45cd3c1dee8ac90f8c3433a wp-block-paragraph\">6.2 Exercice du droit de r\u00e9tractation<\/p>\n\n\n\n<p class=\"has-black-color has-text-color has-link-color wp-elements-4a2740bbb11c9a3524824bc77479a8ac wp-block-paragraph\">Pour exercer votre droit de r\u00e9traction, vous devez nous notifier votre d\u00e9cision de vous r\u00e9tracter de votre commande, soit en contactant le service clients soit gr\u00e2ce au formulaire de r\u00e9tractation (en annexe aux pr\u00e9sentes CGV)<\/p>\n\n\n\n<p class=\"has-black-color has-text-color has-link-color wp-elements-07dd7705f13277b6bc27539deeebc620 wp-block-paragraph\">6.3 Exceptions<\/p>\n\n\n\n<p class=\"has-black-color has-text-color has-link-color wp-elements-f6fdf0a67b5a8b89d5c8ea4266ddafca wp-block-paragraph\">Nous vous rappelons que les produits copiables, font l\u2019objet de droits d\u2019utilisation personnels et sp\u00e9cifiques r\u00e9glementant les copies, la diffusion publique et la reproduction. Vous ne devez pas avoir descell\u00e9 les emballages des produits copiables, pour pouvoir exercer votre droit de r\u00e9tractation.<br>Nous vous rappelons que le l\u00e9gislateur exclut encore les biens confectionn\u00e9s selon des sp\u00e9cifications pr\u00e9cises, les biens personnalisables ou qui du fait de leur nature ne peuvent \u00eatre r\u00e9exp\u00e9di\u00e9s ou sont susceptibles de se d\u00e9t\u00e9riorer ou de se p\u00e9rimer.<\/p>\n\n\n\n<p class=\"has-black-color has-text-color has-link-color wp-elements-ff5e420916291b7c280e873ab12a5225 wp-block-paragraph\">6.4 Modalit\u00e9s de retour des articles<\/p>\n\n\n\n<p class=\"has-black-color has-text-color has-link-color wp-elements-7281da2f3566fd38c282ccad591f86fb wp-block-paragraph\">Le Client dispose d\u2019un d\u00e9lai de 30 jours calendaires \u00e0 compter de la communication de sa d\u00e9cision de se r\u00e9tracter pour retourner son article au site AJF ELECTRO, les frais de retour \u00e9tant \u00e0 la charge du Client.<\/p>\n\n\n\n<p class=\"has-black-color has-text-color has-link-color wp-elements-e4356a0f747b806ad8b2aa8018ffce6d wp-block-paragraph\">Le Client doit renvoyer son article \u00e0 l\u2019adresse suivante :<\/p>\n\n\n\n<p class=\"has-black-color has-text-color has-link-color wp-elements-8edcf4c0a72935528edc11e3882fbda8 wp-block-paragraph\">AJF ELECTRO \u2013 Avenue du Mar\u00e9chal Juin CTRE CIAL Geant Casino ZAC Fourchon, 13200 Arles, France<\/p>\n\n\n\n<p class=\"has-black-color has-text-color has-link-color wp-elements-a0bad335ef6d967300332ef5c2c6e492 wp-block-paragraph\">Le client peut \u00e9galement apporter son article \u00e0 l\u2019adresse mentionn\u00e9e, le d\u00e9lai de remboursement reste alors le m\u00eame.<\/p>\n\n\n\n<p class=\"has-black-color has-text-color has-link-color wp-elements-c8544d8f4d1d6ec0e64f1a9b721ff284 wp-block-paragraph\">6.5 Remboursement<\/p>\n\n\n\n<p class=\"has-black-color has-text-color has-link-color wp-elements-833f8e56d6e13426752c3931f859365b wp-block-paragraph\">Suite \u00e0 votre demande de r\u00e9tractation le site AJF ELECTRO conform\u00e9ment \u00e0 la l\u00e9gislation en vigueur, proc\u00e9dera au remboursement dans un d\u00e9lai de 14 jours suivant la notification de la demande de r\u00e9tractation. En l\u2019absence de r\u00e9ception du produit ou d\u2019une preuve d\u2019exp\u00e9dition de votre produit dans ce d\u00e9lai, le site AJF ELECTRO se r\u00e9serve le droit de reporter le remboursement jusqu\u2019\u00e0 la r\u00e9ception du produit.<br>Il sera effectu\u00e9 en utilisant le m\u00eame moyen de paiement que celui utilis\u00e9 par le Client pour la transaction initiale, sauf en cas d\u2019impossibilit\u00e9 technique.<br>Si le Client a express\u00e9ment choisi un mode de livraison plus co\u00fbteux que le mode de livraison standard, seul le montant de la livraison standard sera rembours\u00e9.<\/p>\n\n\n\n<p class=\"has-black-color has-text-color has-link-color wp-elements-f00cc7a55a1da856d244930f4c44d54b wp-block-paragraph\">Toutefois, et conform\u00e9ment \u00e0 l\u2019article L.121-21-3 du code de la consommation, la responsabilit\u00e9 du Client pourra \u00eatre engag\u00e9e en cas de d\u00e9pr\u00e9ciation du bien r\u00e9sultant de manipulations autres que celles n\u00e9cessaires pour \u00e9tablir la nature, les caract\u00e9ristiques et le bon fonctionnement du produit. Pour cela, le Client doit manipuler et inspecter le produit avec toutes les pr\u00e9cautions n\u00e9cessaires.<br>Le Client doit \u00e9galement s\u2019assurer que la commande pour laquelle il se r\u00e9tracte est renvoy\u00e9e compl\u00e8te.<\/p>\n\n\n\n<p class=\"has-black-color has-text-color has-link-color wp-elements-33345fc0e7239940e3af9f757ef35dff wp-block-paragraph\">6.6 L\u2019effet du droit de r\u00e9tractation<\/p>\n\n\n\n<p class=\"has-black-color has-text-color has-link-color wp-elements-098a222746b9e68089eee39750731b97 wp-block-paragraph\">Conform\u00e9ment \u00e0 l\u2019article L 121-21-7, l\u2019exercice du droit de r\u00e9tractation d\u2019un contrat principal met automatiquement fin \u00e0 tout contrat accessoire sauf si le contrat accessoire a \u00e9t\u00e9 ex\u00e9cut\u00e9 avant la fin du d\u00e9lai de r\u00e9tractation.<\/p>\n\n\n\n<p class=\"has-black-color has-text-color has-link-color wp-elements-dccd0d3375bcc0f441c7e31dfb52798e wp-block-paragraph\">Article 7 : Garanties<\/p>\n\n\n\n<p class=\"has-black-color has-text-color has-link-color wp-elements-d505f9d774d55a7d0192e7fd6d0a8a69 wp-block-paragraph\">7.1 Les garanties l\u00e9gales<\/p>\n\n\n\n<p class=\"has-black-color has-text-color has-link-color wp-elements-d100a90ae0188499d771c34dba051d9e wp-block-paragraph\">Il est rappel\u00e9 que le consommateur dans le cadre de la garantie l\u00e9gale de conformit\u00e9:<\/p>\n\n\n\n<p class=\"has-black-color has-text-color has-link-color wp-elements-292ed1c55cdbc9a7b8c03fc3e5840468 wp-block-paragraph\">\u2013 B\u00e9n\u00e9ficie d\u2019un d\u00e9lai de deux ans comme garantie \u00e0 compter de la date de livraison du produit.<\/p>\n\n\n\n<p class=\"has-black-color has-text-color has-link-color wp-elements-235ddf6a7e90f78d3c43653518c79664 wp-block-paragraph\">\u2013 Peut choisir entre la reparation ou le remplacement du produit, sous r\u00e9serve des conditions de co\u00fbt pr\u00e9vues par l\u2019article L. 211-9 du code de la consommation<\/p>\n\n\n\n<p class=\"has-black-color has-text-color has-link-color wp-elements-f2b0837265f88de606807275cd24ef0d wp-block-paragraph\">\u2013 La garantie l\u00e9gale de conformit\u00e9 s\u2019applique ind\u00e9pendamment de la garantie commerciale pouvant couvrir votre produit.<\/p>\n\n\n\n<p class=\"has-black-color has-text-color has-link-color wp-elements-34f21bc71ca67546b6c28cb66f6f3a29 wp-block-paragraph\">Il est rappel\u00e9 que le consommateur peut d\u00e9cider de mettre en \u0153uvre la garantie contre les d\u00e9fauts cach\u00e9s de la chose vendue au sens de l\u2019article 1641 du code civil et que dans cette hypoth\u00e8se il peut choisir entre la r\u00e9solution de la vente ou une r\u00e9duction du prix de vente conform\u00e9ment \u00e0 l\u2019article 1644 du code civil.<\/p>\n\n\n\n<p class=\"has-black-color has-text-color has-link-color wp-elements-9777a1f45ca80e9b0b4a6f4a574b1e8e wp-block-paragraph\">Article L211-4 du Code de la Consommation<\/p>\n\n\n\n<p class=\"has-black-color has-text-color has-link-color wp-elements-8bc343de45f324a6a6af7e2f80381c1a wp-block-paragraph\">Le vendeur est tenu de livrer un bien conforme au contrat et r\u00e9pond des d\u00e9fauts de conformit\u00e9 existants lors de la d\u00e9livrance.<\/p>\n\n\n\n<p class=\"has-black-color has-text-color has-link-color wp-elements-bab3a8007de7d5a4fe556ffdfbd77c2f wp-block-paragraph\">Il r\u00e9pond \u00e9galement des d\u00e9fauts de conformit\u00e9 r\u00e9sultant de l\u2019emballage, des instructions de montage ou de l\u2019installation lorsque celle-ci a \u00e9t\u00e9 mise \u00e0 sa charge par le contrat ou a \u00e9t\u00e9 r\u00e9alis\u00e9e sous sa responsabilit\u00e9.<\/p>\n\n\n\n<p class=\"has-black-color has-text-color has-link-color wp-elements-9a7cbe517231fd9b4e6ae2b81a38de8f wp-block-paragraph\">Article L211-5 du Code de la Consommation<\/p>\n\n\n\n<p class=\"has-black-color has-text-color has-link-color wp-elements-0a07de79dcfabc0952c31e627e8c30cd wp-block-paragraph\">Pour \u00eatre conforme au contrat, le bien doit :<\/p>\n\n\n\n<p class=\"has-black-color has-text-color has-link-color wp-elements-86af4aab90dad2089350aaf9c0b030cd wp-block-paragraph\">1 Etre propre \u00e0 l\u2019usage habituellement attendu d\u2019un bien semblable et, le cas \u00e9ch\u00e9ant :<\/p>\n\n\n\n<p class=\"has-black-color has-text-color has-link-color wp-elements-d71570b63df22c36ae5eb5cb23f5cb39 wp-block-paragraph\">\u2013 Correspondre \u00e0 la description donn\u00e9e par le vendeur et poss\u00e9der les qualit\u00e9s que celui-ci a pr\u00e9sent\u00e9es \u00e0 l\u2019acheteur sous forme d\u2019\u00e9chantillon ou de mod\u00e8le<\/p>\n\n\n\n<p class=\"has-black-color has-text-color has-link-color wp-elements-e50d4d84d57bf09297c562b490541949 wp-block-paragraph\">\u2013 Pr\u00e9senter les qualit\u00e9s qu\u2019un acheteur peut l\u00e9gitimement attendre eu \u00e9gard aux d\u00e9clarations publiques faites par le vendeur, par le producteur ou par son repr\u00e9sentant, notamment dans la publicit\u00e9 ou l\u2019\u00e9tiquetage<\/p>\n\n\n\n<p class=\"has-black-color has-text-color has-link-color wp-elements-d288854c7b720244534c767287653c92 wp-block-paragraph\">2 Ou pr\u00e9senter les caract\u00e9ristiques d\u00e9finies d\u2019un commun accord par les parties ou \u00eatre propre \u00e0 tout usage sp\u00e9cial recherch\u00e9 par l\u2019acheteur, port\u00e9 \u00e0 la connaissance du vendeur et que ce dernier a accept\u00e9.<\/p>\n\n\n\n<p class=\"has-black-color has-text-color has-link-color wp-elements-f3aca00d32dedbdf4cbf1a6fc769264c wp-block-paragraph\">Article L211-12 du Code de la Consommation<\/p>\n\n\n\n<p class=\"has-black-color has-text-color has-link-color wp-elements-90612a3856df16683ca1e40d5d863af3 wp-block-paragraph\">L\u2019action r\u00e9sultant du d\u00e9faut de conformit\u00e9 se prescrit par 2 ans \u00e0 compter de la d\u00e9livrance du bien.<\/p>\n\n\n\n<p class=\"has-black-color has-text-color has-link-color wp-elements-cfcab2e9908e55d3778bda19468a2ce4 wp-block-paragraph\">Article L211-16 du Code de la Consommation<\/p>\n\n\n\n<p class=\"has-black-color has-text-color has-link-color wp-elements-5360a427c5e53c35f1f92c5bc80818cf wp-block-paragraph\">Lorsque l\u2019acheteur demande au vendeur, pendant le cours de la garantie commerciale qui lui a \u00e9t\u00e9 consentie lors de l\u2019acquisition ou de la r\u00e9paration d\u2019un produit, une remise en \u00e9tat couverte par la garantie, toute p\u00e9riode d\u2019immobilisation d\u2019au moins sept jours vient s\u2019ajouter \u00e0 la dur\u00e9e de la garantie qui restait \u00e0 courir. Cette p\u00e9riode court \u00e0 compter de la demande d\u2019intervention de l\u2019acheteur ou de la mise \u00e0 disposition pour r\u00e9paration du produit en cause, si cette mise \u00e0 disposition est post\u00e9rieure \u00e0 la demande d\u2019intervention.<\/p>\n\n\n\n<p class=\"has-black-color has-text-color has-link-color wp-elements-e4556871e1bc638b4e28d611a331a16e wp-block-paragraph\">Article 1641 du Code Civil<\/p>\n\n\n\n<p class=\"has-black-color has-text-color has-link-color wp-elements-6ebd27ddff510cc24ca6e4908f64633a wp-block-paragraph\">Le vendeur est tenu de la garantie \u00e0 raison des d\u00e9fauts cach\u00e9s de la chose vendue qui la rendent impropre \u00e0 l\u2019usage auquel on la destine, ou qui diminuent tellement cet usage que l\u2019acheteur ne l\u2019aurait pas acquise, ou n\u2019en aurait donn\u00e9 qu\u2019un moindre prix, s\u2019il les avait connus.<\/p>\n\n\n\n<p class=\"has-black-color has-text-color has-link-color wp-elements-a155440b7d4fc35c792376824f07ffc5 wp-block-paragraph\">Article 1648 alin\u00e9a 1er du Code Civil<\/p>\n\n\n\n<p class=\"has-black-color has-text-color has-link-color wp-elements-2a1b8f2d199f450afbbe0381ee1fff25 wp-block-paragraph\">L\u2019action r\u00e9sultant des vices r\u00e9dhibitoires doit \u00eatre intent\u00e9e par l\u2019acheteur dans un d\u00e9lai de 2 ans \u00e0 compter de la d\u00e9couverte du vice.<\/p>\n\n\n\n<p class=\"has-black-color has-text-color has-link-color wp-elements-bc05dc5faddd2f004762c4e390f12aac wp-block-paragraph\">L\u2019existence et l\u2019\u00e9tendue d\u2019une garantie fabricant seront indiqu\u00e9es sur la fiche article.<\/p>\n\n\n\n<p class=\"has-black-color has-text-color has-link-color wp-elements-4cd89a9186ee951451d85f2aa7fa5a89 wp-block-paragraph\">La garantie couvre exclusivement pi\u00e8ces, main- d\u2019\u0153uvre et frais de retour du produit apr\u00e8s r\u00e9paration. L\u2019envoi du produit pour r\u00e9paration reste \u00e0 la charge du client.<br>La garantie ne couvre pas l\u2019usure normale d\u2019un produit ; elle ne s\u2019applique pas non plus \u00e0 la r\u00e9paration de dommages r\u00e9sultant d\u2019une cause externe au produit (par exemple d\u2019un accident, d\u2019un choc, de la pr\u00e9sence de sable et\/ou d\u2019eau, de poussi\u00e8re (et plus g\u00e9n\u00e9ralement tous corps \u00e9trangers \u00e0 l\u2019appareil, d\u2019une fluctuation de courant, d\u2019une oxydation\u2026), d\u2019un emploi, d\u2019une utilisation anormale, d\u2019une installation ou d\u2019un branchement non conformes aux sp\u00e9cifications ou prescriptions du constructeur, d\u2019une utilisation nuisible \u00e0 la bonne conservation de l\u2019appareil, d\u2019une utilisation \u00e0 caract\u00e8re professionnel, de l\u2019utilisation de p\u00e9riph\u00e9riques, d\u2019accessoires ou de consommables inadapt\u00e9s, ou encore aux appareils modifi\u00e9s par un atelier non agr\u00e9\u00e9.<\/p>\n\n\n\n<p class=\"has-black-color has-text-color has-link-color wp-elements-1db903cea2a3eb5af478365321f30e05 wp-block-paragraph\">En tout \u00e9tat de cause, vous b\u00e9n\u00e9ficiez de la garantie l\u00e9gale des vices cach\u00e9s et de conformit\u00e9s qui s\u2019appliqueront conform\u00e9ment \u00e0 la Loi.<\/p>\n\n\n\n<p class=\"has-black-color has-text-color has-link-color wp-elements-0657f22406a5905fa8ac2869eae33c97 wp-block-paragraph\">Article 8 : Utilisation des cookies<\/p>\n\n\n\n<p class=\"has-black-color has-text-color has-link-color wp-elements-e900f47e91d00262538d93af2e0b3adc wp-block-paragraph\">La navigation sur le site ajfelectro.com est susceptible de provoquer l\u2019installation de cookies sur votre ordinateur. Les informations obtenues ne sont pas nominatives, et ont pour but d\u2019am\u00e9liorer votre navigation, de nous fournir des statistiques de fr\u00e9quentation du site, et de vous permettre de publier sur vos r\u00e9seaux sociaux depuis notre site.<\/p>\n\n\n\n<p class=\"has-black-color has-text-color has-link-color wp-elements-ca7fd6c218e24509faaa2fbd28a11ea3 wp-block-paragraph\">Vous pouvez parfaitement param\u00e9trer votre navigateur pour refuser les cookies, bien que cela risque d\u2019entra\u00eener des changements dans votre acc\u00e8s \u00e0 de nombreux sites Internet, ou en modifier le fonctionnement.<br>Les liens suivants vous expliquent comment refuser ou modifier les param\u00e8tres de ces cookies :<\/p>\n\n\n\n<p class=\"has-black-color has-text-color has-link-color wp-elements-87f11470f64218ce37a61dcd0aa192df wp-block-paragraph\">Pour Internet Explorer : cliquez ici<br>Pour Chrome : cliquez ici<br>Pour Firefox : cliquez ici<br>Pour Safari : cliquez ici<br>Article 9 : Mentions l\u00e9gales &amp; responsabilit\u00e9s<\/p>\n\n\n\n<p class=\"has-black-color has-text-color has-link-color wp-elements-55dd0dc4c7c120dd93e994c38f92e9b0 wp-block-paragraph\">9.1. Loi informatique, fichiers et libert\u00e9s<\/p>\n\n\n\n<p class=\"has-black-color has-text-color has-link-color wp-elements-e95264c6377a886ba8b80da7c608386f wp-block-paragraph\">Conform\u00e9ment \u00e0 la loi fran\u00e7aise \u00ab Informatique et libert\u00e9s \u00bb n\u00b078-17 du 6 janvier 1978, vous disposez d\u2019un droit d\u2019acc\u00e8s et de rectification aux donn\u00e9es vous concernant et vous pouvez exercer ce droit en envoyant un courrier \u00e0 l\u2019adresse suivante : contact@ajfelectro.com<\/p>\n\n\n\n<p class=\"has-black-color has-text-color has-link-color wp-elements-8edcf4c0a72935528edc11e3882fbda8 wp-block-paragraph\">AJF ELECTRO \u2013 Avenue du Mar\u00e9chal Juin CTRE CIAL Geant Casino ZAC Fourchon, 13200 Arles, France<\/p>\n\n\n\n<p class=\"has-black-color has-text-color has-link-color wp-elements-431f16999b45bab3901b4f311f0afb24 wp-block-paragraph\">Email contact@ajfelectro.com<\/p>\n\n\n\n<p class=\"has-black-color has-text-color has-link-color wp-elements-3d196e8c73f3aaf903d496440c9051cc wp-block-paragraph\">9.2. Les moyens de communication<\/p>\n\n\n\n<p class=\"has-black-color has-text-color has-link-color wp-elements-41f8a684fa9d6c84434e84063bbbbd19 wp-block-paragraph\">Vous pouvez nous contacter \u00e0 l\u2019adresse mail suivante : contact@ajfelectro.com pour tout renseignement concernant le suivi de votre commande, le droit de r\u00e9tractation et l\u2019exercice de la garantie de votre produit.<\/p>\n\n\n\n<p class=\"has-black-color has-text-color has-link-color wp-elements-39462a764277b7b93052990db3b4ec4a wp-block-paragraph\">Annexe 1 : Formulaire de r\u00e9tractation<\/p>\n\n\n\n<p class=\"has-black-color has-text-color has-link-color wp-elements-98732efeebc8d0816711cbabae0e4f2e wp-block-paragraph\">FORMULAIRE DE RETRACTATION<\/p>\n\n\n\n<p class=\"has-black-color has-text-color has-link-color wp-elements-41db62427eba6a217d1d2ce742294fe2 wp-block-paragraph\">Veuillez compl\u00e9ter et renvoyer le pr\u00e9sent formulaire uniquement si vous souhaitez vous r\u00e9tracter de la commande pass\u00e9e sur le site ou par l\u2019interm\u00e9diaire du site : ajfelectro.com sauf exclusions ou limites \u00e0 l\u2019exercice du droit de r\u00e9tractation suivant l\u2019article 6 de nos Conditions G\u00e9n\u00e9rales de Vente.<\/p>\n\n\n\n<p class=\"has-black-color has-text-color has-link-color wp-elements-e4145561f45ec895416e78e407e34aec wp-block-paragraph\">A l\u2019attention de :<\/p>\n\n\n\n<p class=\"has-black-color has-text-color has-link-color wp-elements-8edcf4c0a72935528edc11e3882fbda8 wp-block-paragraph\">AJF ELECTRO \u2013 Avenue du Mar\u00e9chal Juin CTRE CIAL Geant Casino ZAC Fourchon, 13200 Arles, France<\/p>\n\n\n\n<p class=\"has-black-color has-text-color has-link-color wp-elements-28ed1491dbd8b6f2782350294d0603ab wp-block-paragraph\">Command\u00e9 le \/ Re\u00e7u le :<\/p>\n\n\n\n<p class=\"has-black-color has-text-color has-link-color wp-elements-702bf3e1f842c3fc69481789bf6bc906 wp-block-paragraph\">Num\u00e9ro de commande :<\/p>\n\n\n\n<p class=\"has-black-color has-text-color has-link-color wp-elements-0e75ff751868b575f075df012bfdd9ee wp-block-paragraph\">Nom du client :<\/p>\n\n\n\n<p class=\"has-black-color has-text-color has-link-color wp-elements-02be61aed35f4ba9ba6a1b0c636d1670 wp-block-paragraph\">Adresse email (utilis\u00e9e pour la commande) :<\/p>\n\n\n\n<p class=\"has-black-color has-text-color has-link-color wp-elements-3e5df54a6c5cf9f90c24b750785deb9c wp-block-paragraph\">Adresse du client (adresse de livraison) :<\/p>\n\n\n\n<p class=\"has-black-color has-text-color has-link-color wp-elements-92a3dfabd2afb8dd8121ecbc4ea1d174 wp-block-paragraph\">Signature du client :<\/p>\n\n\n\n<p class=\"has-black-color has-text-color has-link-color wp-elements-d339d8f82a1654e5e0cab0f8bbc87f0f wp-block-paragraph\">Date :<\/p>\n\n\n\n<p class=\"has-black-color has-text-color has-link-color wp-elements-fe35b1b7629d0afe255d3bcabe49d464 wp-block-paragraph\">D\u00e8s r\u00e9ception de votre courrier, nous vous enverrons par mail la confirmation de la r\u00e9ception de votre courrier ainsi que les documents n\u00e9cessaires au retour de votre colis.<\/p>\n","protected":false},"excerpt":{"rendered":"<p>Conditions g\u00e9n\u00e9rales de vente Conditions g\u00e9n\u00e9rales de venteArticle 1 : Nos offres 1.1 G\u00e9n\u00e9ralit\u00e9s Les pr\u00e9sentes conditions g\u00e9n\u00e9rales de vente<\/p>\n","protected":false},"author":1,"featured_media":0,"parent":0,"menu_order":0,"comment_status":"closed","ping_status":"closed","template":"","meta":{"footnotes":""},"class_list":["post-14388","page","type-page","status-publish","hentry"],"yoast_head":"<!-- This site is optimized with the Yoast SEO plugin v27.9 - https:\/\/yoast.com\/product\/yoast-seo-wordpress\/ -->\n<title>Conditions g\u00e9n\u00e9rales de vente - AJF Electro<\/title>\n<meta name=\"robots\" content=\"index, follow, max-snippet:-1, max-image-preview:large, max-video-preview:-1\" \/>\n<link rel=\"canonical\" href=\"https:\/\/ajfelectro.com\/index.php\/conditions-generales-de-vente\/\" \/>\n<meta property=\"og:locale\" content=\"fr_FR\" \/>\n<meta property=\"og:type\" content=\"article\" \/>\n<meta property=\"og:title\" content=\"Conditions g\u00e9n\u00e9rales de vente - AJF Electro\" \/>\n<meta property=\"og:description\" content=\"Conditions g\u00e9n\u00e9rales de vente Conditions g\u00e9n\u00e9rales de venteArticle 1 : Nos offres 1.1 G\u00e9n\u00e9ralit\u00e9s Les pr\u00e9sentes conditions g\u00e9n\u00e9rales de vente\" \/>\n<meta property=\"og:url\" content=\"https:\/\/ajfelectro.com\/index.php\/conditions-generales-de-vente\/\" \/>\n<meta property=\"og:site_name\" content=\"AJF Electro\" \/>\n<meta property=\"article:modified_time\" content=\"2026-07-04T02:08:44+00:00\" \/>\n<meta name=\"twitter:card\" content=\"summary_large_image\" \/>\n<meta name=\"twitter:label1\" content=\"Dur\u00e9e de lecture estim\u00e9e\" \/>\n\t<meta name=\"twitter:data1\" content=\"15 minutes\" \/>\n<script type=\"application\/ld+json\" class=\"yoast-schema-graph\">{\"@context\":\"https:\\\/\\\/schema.org\",\"@graph\":[{\"@type\":\"WebPage\",\"@id\":\"https:\\\/\\\/ajfelectro.com\\\/index.php\\\/conditions-generales-de-vente\\\/\",\"url\":\"https:\\\/\\\/ajfelectro.com\\\/index.php\\\/conditions-generales-de-vente\\\/\",\"name\":\"Conditions g\u00e9n\u00e9rales de vente - AJF Electro\",\"isPartOf\":{\"@id\":\"https:\\\/\\\/ajfelectro.com\\\/#website\"},\"datePublished\":\"2023-11-16T12:12:22+00:00\",\"dateModified\":\"2026-07-04T02:08:44+00:00\",\"breadcrumb\":{\"@id\":\"https:\\\/\\\/ajfelectro.com\\\/index.php\\\/conditions-generales-de-vente\\\/#breadcrumb\"},\"inLanguage\":\"fr-FR\",\"potentialAction\":[{\"@type\":\"ReadAction\",\"target\":[\"https:\\\/\\\/ajfelectro.com\\\/index.php\\\/conditions-generales-de-vente\\\/\"]}]},{\"@type\":\"BreadcrumbList\",\"@id\":\"https:\\\/\\\/ajfelectro.com\\\/index.php\\\/conditions-generales-de-vente\\\/#breadcrumb\",\"itemListElement\":[{\"@type\":\"ListItem\",\"position\":1,\"name\":\"Accueil\",\"item\":\"https:\\\/\\\/ajfelectro.com\\\/\"},{\"@type\":\"ListItem\",\"position\":2,\"name\":\"Conditions g\u00e9n\u00e9rales de vente\"}]},{\"@type\":\"WebSite\",\"@id\":\"https:\\\/\\\/ajfelectro.com\\\/#website\",\"url\":\"https:\\\/\\\/ajfelectro.com\\\/\",\"name\":\"AJF Electro\",\"description\":\"Appareils \u00e9lectrom\u00e9nagers pour un usage quotidien\",\"potentialAction\":[{\"@type\":\"SearchAction\",\"target\":{\"@type\":\"EntryPoint\",\"urlTemplate\":\"https:\\\/\\\/ajfelectro.com\\\/?s={search_term_string}\"},\"query-input\":{\"@type\":\"PropertyValueSpecification\",\"valueRequired\":true,\"valueName\":\"search_term_string\"}}],\"inLanguage\":\"fr-FR\"}]}<\/script>\n<!-- \/ Yoast SEO plugin. -->","yoast_head_json":{"title":"Conditions g\u00e9n\u00e9rales de vente - AJF Electro","robots":{"index":"index","follow":"follow","max-snippet":"max-snippet:-1","max-image-preview":"max-image-preview:large","max-video-preview":"max-video-preview:-1"},"canonical":"https:\/\/ajfelectro.com\/index.php\/conditions-generales-de-vente\/","og_locale":"fr_FR","og_type":"article","og_title":"Conditions g\u00e9n\u00e9rales de vente - AJF Electro","og_description":"Conditions g\u00e9n\u00e9rales de vente Conditions g\u00e9n\u00e9rales de venteArticle 1 : Nos offres 1.1 G\u00e9n\u00e9ralit\u00e9s Les pr\u00e9sentes conditions g\u00e9n\u00e9rales de vente","og_url":"https:\/\/ajfelectro.com\/index.php\/conditions-generales-de-vente\/","og_site_name":"AJF Electro","article_modified_time":"2026-07-04T02:08:44+00:00","twitter_card":"summary_large_image","twitter_misc":{"Dur\u00e9e de lecture estim\u00e9e":"15 minutes"},"schema":{"@context":"https:\/\/schema.org","@graph":[{"@type":"WebPage","@id":"https:\/\/ajfelectro.com\/index.php\/conditions-generales-de-vente\/","url":"https:\/\/ajfelectro.com\/index.php\/conditions-generales-de-vente\/","name":"Conditions g\u00e9n\u00e9rales de vente - AJF Electro","isPartOf":{"@id":"https:\/\/ajfelectro.com\/#website"},"datePublished":"2023-11-16T12:12:22+00:00","dateModified":"2026-07-04T02:08:44+00:00","breadcrumb":{"@id":"https:\/\/ajfelectro.com\/index.php\/conditions-generales-de-vente\/#breadcrumb"},"inLanguage":"fr-FR","potentialAction":[{"@type":"ReadAction","target":["https:\/\/ajfelectro.com\/index.php\/conditions-generales-de-vente\/"]}]},{"@type":"BreadcrumbList","@id":"https:\/\/ajfelectro.com\/index.php\/conditions-generales-de-vente\/#breadcrumb","itemListElement":[{"@type":"ListItem","position":1,"name":"Accueil","item":"https:\/\/ajfelectro.com\/"},{"@type":"ListItem","position":2,"name":"Conditions g\u00e9n\u00e9rales de vente"}]},{"@type":"WebSite","@id":"https:\/\/ajfelectro.com\/#website","url":"https:\/\/ajfelectro.com\/","name":"AJF Electro","description":"Appareils \u00e9lectrom\u00e9nagers pour un usage quotidien","potentialAction":[{"@type":"SearchAction","target":{"@type":"EntryPoint","urlTemplate":"https:\/\/ajfelectro.com\/?s={search_term_string}"},"query-input":{"@type":"PropertyValueSpecification","valueRequired":true,"valueName":"search_term_string"}}],"inLanguage":"fr-FR"}]}},"_links":{"self":[{"href":"https:\/\/ajfelectro.com\/index.php\/wp-json\/wp\/v2\/pages\/14388","targetHints":{"allow":["GET"]}}],"collection":[{"href":"https:\/\/ajfelectro.com\/index.php\/wp-json\/wp\/v2\/pages"}],"about":[{"href":"https:\/\/ajfelectro.com\/index.php\/wp-json\/wp\/v2\/types\/page"}],"author":[{"embeddable":true,"href":"https:\/\/ajfelectro.com\/index.php\/wp-json\/wp\/v2\/users\/1"}],"replies":[{"embeddable":true,"href":"https:\/\/ajfelectro.com\/index.php\/wp-json\/wp\/v2\/comments?post=14388"}],"version-history":[{"count":14,"href":"https:\/\/ajfelectro.com\/index.php\/wp-json\/wp\/v2\/pages\/14388\/revisions"}],"predecessor-version":[{"id":20092,"href":"https:\/\/ajfelectro.com\/index.php\/wp-json\/wp\/v2\/pages\/14388\/revisions\/20092"}],"wp:attachment":[{"href":"https:\/\/ajfelectro.com\/index.php\/wp-json\/wp\/v2\/media?parent=14388"}],"curies":[{"name":"wp","href":"https:\/\/api.w.org\/{rel}","templated":true}]}}